{"id":16,"date":"2024-01-31T20:26:34","date_gmt":"2024-01-31T23:26:34","guid":{"rendered":"https:\/\/yoparticipo.com.ar\/web\/?page_id=16"},"modified":"2024-04-18T21:00:01","modified_gmt":"2024-04-19T00:00:01","slug":"inicio","status":"publish","type":"page","link":"https:\/\/yoparticipo.com.ar\/web\/","title":{"rendered":"Inicio"},"content":{"rendered":"\n<div class=\"wp-block-uagb-container uagb-block-ykrp0b6q alignfull uagb-is-root-container\"><div class=\"uagb-container-inner-blocks-wrap\">\n<div class=\"wp-block-uagb-container uagb-block-6nkm6bwb\">\n<div class=\"wp-block-uagb-info-box uagb-block-agclnlpe uagb-infobox__content-wrap  uagb-infobox-icon-above-title uagb-infobox-image-valign-top\"><div class=\"uagb-ifb-content\"><div class=\"uagb-ifb-title-wrap\"><h1 class=\"uagb-ifb-title\">Vamos Juntos a hacer la ciudad que so\u00f1amos!<\/h1><\/div><p class=\"uagb-ifb-desc\">#Participar, #Construir, #Trascender. Qu\u00e9 la queja se transforme en acci\u00f3n. Qu\u00e9 las ideas sean proyectos. Es lo que queremos y solo lo conseguiremos caminando juntos. Comencemos hoy #YoParticipo.<br>Concejales: Jos\u00e9 Garc\u00eda , Jos\u00e9 Luis Arias, Mart\u00edn Corral y Mar\u00eda Mamani.<br><\/p><\/div><\/div>\n\n\n\n<div class=\"wp-block-uagb-buttons uagb-buttons__outer-wrap uagb-btn__default-btn uagb-btn-tablet__default-btn uagb-btn-mobile__default-btn uagb-block-ks039hai\"><div class=\"uagb-buttons__wrap uagb-buttons-layout-wrap\">\n<div class=\"wp-block-uagb-buttons-child uagb-buttons__outer-wrap uagb-block-mvhaxv5p wp-block-button\"><div class=\"uagb-button__wrapper\"><a class=\"uagb-buttons-repeater wp-block-button__link\" href=\"#\" onclick=\"return false;\" rel=\"follow noopener\" target=\"_self\"><div class=\"uagb-button__link\">CONTACTAR<\/div><\/a><\/div><\/div>\n<\/div><\/div>\n<\/div>\n\n\n\n<div class=\"wp-block-uagb-container uagb-block-qz75ahol\">\n<div class=\"wp-block-uagb-image aligncenter uagb-block-b7zmr9cv wp-block-uagb-image--layout-default wp-block-uagb-image--effect-static wp-block-uagb-image--align-center\"><figure class=\"wp-block-uagb-image__figure\"><img decoding=\"async\" srcset=\"https:\/\/yoparticipo.com.ar\/web\/wp-content\/uploads\/2024\/02\/406873800_754837906661691_5154239613832027477_n-1024x683.jpg ,https:\/\/yoparticipo.com.ar\/web\/wp-content\/uploads\/2024\/02\/406873800_754837906661691_5154239613832027477_n.jpg 780w, https:\/\/yoparticipo.com.ar\/web\/wp-content\/uploads\/2024\/02\/406873800_754837906661691_5154239613832027477_n.jpg 360w\" sizes=\"auto, (max-width: 480px) 150px\" src=\"https:\/\/yoparticipo.com.ar\/web\/wp-content\/uploads\/2024\/02\/406873800_754837906661691_5154239613832027477_n-1024x683.jpg\" alt=\"\" class=\"uag-image-47\" width=\"700\" height=\"450\" title=\"\" loading=\"lazy\"\/><\/figure><\/div>\n<\/div>\n<\/div><\/div>\n\n\n\n<div class=\"wp-block-uagb-container uagb-block-f578708d alignfull uagb-is-root-container\"><div class=\"uagb-container-inner-blocks-wrap\">\n<div class=\"wp-block-uagb-container uagb-block-9473370f\">\n<div class=\"wp-block-uagb-info-box uagb-block-0c2cd454 uagb-infobox__content-wrap  uagb-infobox-icon-above-title uagb-infobox-image-valign-top\"><div class=\"uagb-ifb-content\"><div class=\"uagb-ifb-icon-wrap\"><svg xmlns=\"https:\/\/www.w3.org\/2000\/svg\" viewBox=\"0 0 512 512\"><path d=\"M0 256C0 114.6 114.6 0 256 0C397.4 0 512 114.6 512 256C512 397.4 397.4 512 256 512C114.6 512 0 397.4 0 256zM256.3 331.8C208.9 331.8 164.1 324.9 124.5 312.8C112.2 309 100.2 319.7 105.2 331.5C130.1 390.6 188.4 432 256.3 432C324.2 432 382.4 390.6 407.4 331.5C412.4 319.7 400.4 309 388.1 312.8C348.4 324.9 303.7 331.8 256.3 331.8H256.3zM176.4 176C158.7 176 144.4 190.3 144.4 208C144.4 225.7 158.7 240 176.4 240C194 240 208.4 225.7 208.4 208C208.4 190.3 194 176 176.4 176zM336.4 240C354 240 368.4 225.7 368.4 208C368.4 190.3 354 176 336.4 176C318.7 176 304.4 190.3 304.4 208C304.4 225.7 318.7 240 336.4 240z\"><\/path><\/svg><\/div><div class=\"uagb-ifb-title-wrap\"><h3 class=\"uagb-ifb-title\">\u00bfVos de que manera participas?<\/h3><\/div><\/div><\/div>\n<\/div>\n\n\n\n<div class=\"wp-block-uagb-container uagb-block-cf9c330f\">\n<div class=\"wp-block-uagb-info-box uagb-block-0e354301 uagb-infobox__content-wrap  uagb-infobox-icon-above-title uagb-infobox-image-valign-top\"><div class=\"uagb-ifb-content\"><div class=\"uagb-ifb-icon-wrap\"><svg xmlns=\"https:\/\/www.w3.org\/2000\/svg\" viewBox=\"0 0 512 512\"><path d=\"M0 256C0 114.6 114.6 0 256 0C397.4 0 512 114.6 512 256C512 397.4 397.4 512 256 512C114.6 512 0 397.4 0 256zM164.1 325.5C158.3 318.8 148.2 318.1 141.5 323.9C134.8 329.7 134.1 339.8 139.9 346.5C162.1 372.1 200.9 400 255.1 400C311.1 400 349.8 372.1 372.1 346.5C377.9 339.8 377.2 329.7 370.5 323.9C363.8 318.1 353.7 318.8 347.9 325.5C329.9 346.2 299.4 368 255.1 368C212.6 368 182 346.2 164.1 325.5H164.1zM176.4 176C158.7 176 144.4 190.3 144.4 208C144.4 225.7 158.7 240 176.4 240C194 240 208.4 225.7 208.4 208C208.4 190.3 194 176 176.4 176zM336.4 240C354 240 368.4 225.7 368.4 208C368.4 190.3 354 176 336.4 176C318.7 176 304.4 190.3 304.4 208C304.4 225.7 318.7 240 336.4 240z\"><\/path><\/svg><\/div><div class=\"uagb-ifb-title-wrap\"><h3 class=\"uagb-ifb-title\">\u00bfQu\u00e9 te gustar\u00eda para tu barrio?<\/h3><\/div><\/div><\/div>\n<\/div>\n\n\n\n<div class=\"wp-block-uagb-container uagb-block-1da869e4\">\n<div class=\"wp-block-uagb-info-box uagb-block-f30d2b2b uagb-infobox__content-wrap  uagb-infobox-icon-above-title uagb-infobox-image-valign-top\"><div class=\"uagb-ifb-content\"><div class=\"uagb-ifb-icon-wrap\"><svg xmlns=\"https:\/\/www.w3.org\/2000\/svg\" viewBox=\"0 0 512 512\"><path d=\"M0 256C0 114.6 114.6 0 256 0C397.4 0 512 114.6 512 256C512 397.4 397.4 512 256 512C114.6 512 0 397.4 0 256zM164.1 325.5C158.3 318.8 148.2 318.1 141.5 323.9C134.8 329.7 134.1 339.8 139.9 346.5C162.1 372.1 200.9 400 255.1 400C311.1 400 349.8 372.1 372.1 346.5C377.9 339.8 377.2 329.7 370.5 323.9C363.8 318.1 353.7 318.8 347.9 325.5C329.9 346.2 299.4 368 255.1 368C212.6 368 182 346.2 164.1 325.5H164.1zM226.5 231.6C229.8 230.5 232 227.4 232 224C232 206.1 225.3 188.4 215.4 175.2C205.6 162.2 191.5 152 176 152C160.5 152 146.4 162.2 136.6 175.2C126.7 188.4 120 206.1 120 224C120 227.4 122.2 230.5 125.5 231.6C128.7 232.7 132.3 231.6 134.4 228.8L134.4 228.8L134.6 228.5C134.8 228.3 134.1 228 135.3 227.6C135.1 226.8 136.9 225.7 138.1 224.3C140.6 221.4 144.1 217.7 148.3 213.1C157.1 206.2 167.2 200 176 200C184.8 200 194.9 206.2 203.7 213.1C207.9 217.7 211.4 221.4 213.9 224.3C215.1 225.7 216 226.8 216.7 227.6C217 228 217.2 228.3 217.4 228.5L217.6 228.8L217.6 228.8C219.7 231.6 223.3 232.7 226.5 231.6V231.6zM377.6 228.8C379.7 231.6 383.3 232.7 386.5 231.6C389.8 230.5 392 227.4 392 224C392 206.1 385.3 188.4 375.4 175.2C365.6 162.2 351.5 152 336 152C320.5 152 306.4 162.2 296.6 175.2C286.7 188.4 280 206.1 280 224C280 227.4 282.2 230.5 285.5 231.6C288.7 232.7 292.3 231.6 294.4 228.8L294.4 228.8L294.6 228.5C294.8 228.3 294.1 228 295.3 227.6C295.1 226.8 296.9 225.7 298.1 224.3C300.6 221.4 304.1 217.7 308.3 213.1C317.1 206.2 327.2 200 336 200C344.8 200 354.9 206.2 363.7 213.1C367.9 217.7 371.4 221.4 373.9 224.3C375.1 225.7 376 226.8 376.7 227.6C377 228 377.2 228.3 377.4 228.5L377.6 228.8L377.6 228.8z\"><\/path><\/svg><\/div><div class=\"uagb-ifb-title-wrap\"><h3 class=\"uagb-ifb-title\">\u00bfQu\u00e9 har\u00edas para mejorar la ciudad?<\/h3><\/div><\/div><\/div>\n<\/div>\n<\/div><\/div>\n\n\n\n<div class=\"wp-block-uagb-container uagb-block-62872971 alignfull uagb-is-root-container\"><div class=\"uagb-container-inner-blocks-wrap\">\n<div style=\"height:25px\" aria-hidden=\"true\" class=\"wp-block-spacer\"><\/div>\n\n\n\n<h2 class=\"wp-block-heading has-text-align-center\">Visita Nuestro Instagram<\/h2>\n\n\n\n<div id=\"sb_instagram\"  class=\"sbi sbi_mob_col_1 sbi_tab_col_2 sbi_col_4 sbi_width_resp\" style=\"padding-bottom: 10px;\"\t data-feedid=\"*1\"  data-res=\"auto\" data-cols=\"4\" data-colsmobile=\"1\" data-colstablet=\"2\" data-num=\"8\" data-nummobile=\"4\" data-item-padding=\"5\"\t data-shortcode-atts=\"{&quot;feed&quot;:&quot;1&quot;,&quot;cachetime&quot;:720}\"  data-postid=\"16\" data-locatornonce=\"70db88850e\" data-imageaspectratio=\"1:1\" data-sbi-flags=\"favorLocal\">\n\t\n\t<div id=\"sbi_images\"  style=\"gap: 10px;\">\n\t\t<div class=\"sbi_item sbi_type_video sbi_new sbi_transition\"\n\tid=\"sbi_18236706460251152\" data-date=\"1713998707\">\n\t<div class=\"sbi_photo_wrap\">\n\t\t<a class=\"sbi_photo\" href=\"https:\/\/www.instagram.com\/reel\/C6KVMTtOiI9\/\" target=\"_blank\" rel=\"noopener nofollow\"\n\t\t\tdata-full-res=\"https:\/\/scontent.cdninstagram.com\/v\/t51.29350-15\/439543937_877543194138045_8246926416895502841_n.jpg?_nc_cat=104&#038;ccb=1-7&#038;_nc_sid=18de74&#038;_nc_ohc=fmO-IPQk79oQ7kNvgHs59LR&#038;_nc_ht=scontent.cdninstagram.com&#038;edm=ANo9K5cEAAAA&#038;oh=00_AfByaqygObpo8r6uD74lj4A-NCKPuSVIpi2Ks8ILjlN8Fw&#038;oe=6639548C\"\n\t\t\tdata-img-src-set=\"{&quot;d&quot;:&quot;https:\\\/\\\/scontent.cdninstagram.com\\\/v\\\/t51.29350-15\\\/439543937_877543194138045_8246926416895502841_n.jpg?_nc_cat=104&amp;ccb=1-7&amp;_nc_sid=18de74&amp;_nc_ohc=fmO-IPQk79oQ7kNvgHs59LR&amp;_nc_ht=scontent.cdninstagram.com&amp;edm=ANo9K5cEAAAA&amp;oh=00_AfByaqygObpo8r6uD74lj4A-NCKPuSVIpi2Ks8ILjlN8Fw&amp;oe=6639548C&quot;,&quot;150&quot;:&quot;https:\\\/\\\/scontent.cdninstagram.com\\\/v\\\/t51.29350-15\\\/439543937_877543194138045_8246926416895502841_n.jpg?_nc_cat=104&amp;ccb=1-7&amp;_nc_sid=18de74&amp;_nc_ohc=fmO-IPQk79oQ7kNvgHs59LR&amp;_nc_ht=scontent.cdninstagram.com&amp;edm=ANo9K5cEAAAA&amp;oh=00_AfByaqygObpo8r6uD74lj4A-NCKPuSVIpi2Ks8ILjlN8Fw&amp;oe=6639548C&quot;,&quot;320&quot;:&quot;https:\\\/\\\/scontent.cdninstagram.com\\\/v\\\/t51.29350-15\\\/439543937_877543194138045_8246926416895502841_n.jpg?_nc_cat=104&amp;ccb=1-7&amp;_nc_sid=18de74&amp;_nc_ohc=fmO-IPQk79oQ7kNvgHs59LR&amp;_nc_ht=scontent.cdninstagram.com&amp;edm=ANo9K5cEAAAA&amp;oh=00_AfByaqygObpo8r6uD74lj4A-NCKPuSVIpi2Ks8ILjlN8Fw&amp;oe=6639548C&quot;,&quot;640&quot;:&quot;https:\\\/\\\/scontent.cdninstagram.com\\\/v\\\/t51.29350-15\\\/439543937_877543194138045_8246926416895502841_n.jpg?_nc_cat=104&amp;ccb=1-7&amp;_nc_sid=18de74&amp;_nc_ohc=fmO-IPQk79oQ7kNvgHs59LR&amp;_nc_ht=scontent.cdninstagram.com&amp;edm=ANo9K5cEAAAA&amp;oh=00_AfByaqygObpo8r6uD74lj4A-NCKPuSVIpi2Ks8ILjlN8Fw&amp;oe=6639548C&quot;}\">\n\t\t\t<span class=\"sbi-screenreader\">\ud83d\udc49\ud83c\udffcSe aprob\u00f3 el proyecto de declaraci\u00f3n pro<\/span>\n\t\t\t\t\t\t<svg style=\"color: rgba(255,255,255,1)\" class=\"svg-inline--fa fa-play fa-w-14 sbi_playbtn\" aria-label=\"Play\" aria-hidden=\"true\" data-fa-processed=\"\" data-prefix=\"fa\" data-icon=\"play\" role=\"presentation\" xmlns=\"http:\/\/www.w3.org\/2000\/svg\" viewBox=\"0 0 448 512\"><path fill=\"currentColor\" d=\"M424.4 214.7L72.4 6.6C43.8-10.3 0 6.1 0 47.9V464c0 37.5 40.7 60.1 72.4 41.3l352-208c31.4-18.5 31.5-64.1 0-82.6z\"><\/path><\/svg>\t\t\t<img decoding=\"async\" src=\"https:\/\/yoparticipo.com.ar\/web\/wp-content\/plugins\/instagram-feed\/img\/placeholder.png\" alt=\"\ud83d\udc49\ud83c\udffcSe aprob\u00f3 el proyecto de declaraci\u00f3n propuesto por #YoParticipo para que la empresa SAETA acepte billetes de mayor denominaci\u00f3n en las cabinas de autogesti\u00f3n para cargar la tarjeta.\n\n#YoParticipo #SAETA #boleto #tarjeta #sistemaautogestion\" aria-hidden=\"true\">\n\t\t<\/a>\n\t<\/div>\n<\/div><div class=\"sbi_item sbi_type_image sbi_new sbi_transition\"\n\tid=\"sbi_17902750871969820\" data-date=\"1713905860\">\n\t<div class=\"sbi_photo_wrap\">\n\t\t<a class=\"sbi_photo\" href=\"https:\/\/www.instagram.com\/p\/C6HkPNruQgn\/\" target=\"_blank\" rel=\"noopener nofollow\"\n\t\t\tdata-full-res=\"https:\/\/scontent.cdninstagram.com\/v\/t51.29350-15\/439562923_1348403482495054_2933885002838214499_n.webp?stp=dst-jpg&#038;_nc_cat=110&#038;ccb=1-7&#038;_nc_sid=18de74&#038;_nc_ohc=CW8-GWPpkRoQ7kNvgGLTB8s&#038;_nc_ht=scontent.cdninstagram.com&#038;edm=ANo9K5cEAAAA&#038;oh=00_AfCKrQkFwJAfVXfKUBA5TqHvYQJyaYj4h2ANtw6uoVc6Tg&#038;oe=663958FB\"\n\t\t\tdata-img-src-set=\"{&quot;d&quot;:&quot;https:\\\/\\\/scontent.cdninstagram.com\\\/v\\\/t51.29350-15\\\/439562923_1348403482495054_2933885002838214499_n.webp?stp=dst-jpg&amp;_nc_cat=110&amp;ccb=1-7&amp;_nc_sid=18de74&amp;_nc_ohc=CW8-GWPpkRoQ7kNvgGLTB8s&amp;_nc_ht=scontent.cdninstagram.com&amp;edm=ANo9K5cEAAAA&amp;oh=00_AfCKrQkFwJAfVXfKUBA5TqHvYQJyaYj4h2ANtw6uoVc6Tg&amp;oe=663958FB&quot;,&quot;150&quot;:&quot;https:\\\/\\\/scontent.cdninstagram.com\\\/v\\\/t51.29350-15\\\/439562923_1348403482495054_2933885002838214499_n.webp?stp=dst-jpg&amp;_nc_cat=110&amp;ccb=1-7&amp;_nc_sid=18de74&amp;_nc_ohc=CW8-GWPpkRoQ7kNvgGLTB8s&amp;_nc_ht=scontent.cdninstagram.com&amp;edm=ANo9K5cEAAAA&amp;oh=00_AfCKrQkFwJAfVXfKUBA5TqHvYQJyaYj4h2ANtw6uoVc6Tg&amp;oe=663958FB&quot;,&quot;320&quot;:&quot;https:\\\/\\\/scontent.cdninstagram.com\\\/v\\\/t51.29350-15\\\/439562923_1348403482495054_2933885002838214499_n.webp?stp=dst-jpg&amp;_nc_cat=110&amp;ccb=1-7&amp;_nc_sid=18de74&amp;_nc_ohc=CW8-GWPpkRoQ7kNvgGLTB8s&amp;_nc_ht=scontent.cdninstagram.com&amp;edm=ANo9K5cEAAAA&amp;oh=00_AfCKrQkFwJAfVXfKUBA5TqHvYQJyaYj4h2ANtw6uoVc6Tg&amp;oe=663958FB&quot;,&quot;640&quot;:&quot;https:\\\/\\\/scontent.cdninstagram.com\\\/v\\\/t51.29350-15\\\/439562923_1348403482495054_2933885002838214499_n.webp?stp=dst-jpg&amp;_nc_cat=110&amp;ccb=1-7&amp;_nc_sid=18de74&amp;_nc_ohc=CW8-GWPpkRoQ7kNvgGLTB8s&amp;_nc_ht=scontent.cdninstagram.com&amp;edm=ANo9K5cEAAAA&amp;oh=00_AfCKrQkFwJAfVXfKUBA5TqHvYQJyaYj4h2ANtw6uoVc6Tg&amp;oe=663958FB&quot;}\">\n\t\t\t<span class=\"sbi-screenreader\">\ud835\udc13\ud835\udc2b\ud835\udc1a\ud835\udc1b\ud835\udc1a\ud835\udc23\ud835\udc28 \ud835\udc1e\ud835\udc27 \ud835\udc02\ud835\udc28\ud835\udc26<\/span>\n\t\t\t\t\t\t\t\t\t<img decoding=\"async\" src=\"https:\/\/yoparticipo.com.ar\/web\/wp-content\/plugins\/instagram-feed\/img\/placeholder.png\" alt=\"\ud835\udc13\ud835\udc2b\ud835\udc1a\ud835\udc1b\ud835\udc1a\ud835\udc23\ud835\udc28 \ud835\udc1e\ud835\udc27 \ud835\udc02\ud835\udc28\ud835\udc26\ud835\udc22\ud835\udc2c\ud835\udc22\ud835\udc28\ud835\udc27\ud835\udc1e\ud835\udc2c \ud835\udc0f\ud835\udc1e\ud835\udc2b\ud835\udc26\ud835\udc1a\ud835\udc27\ud835\udc1e\ud835\udc27\ud835\udc2d\ud835\udc1e\ud835\udc2c\n\nEn la jornada del martes 23 de abril, con la presencia del Concejal @mgonzalocorral en Reuni\u00f3n de comisiones, se trato:\n\n\u27a1\ufe0f\ud835\udc02\ud835\udc28\ud835\udc26\ud835\udc22\ud835\udc2c\ud835\udc22\ud835\udc28\u0301\ud835\udc27 \ud835\udc07\ud835\udc1a\ud835\udc1c\ud835\udc22\ud835\udc1e\ud835\udc27\ud835\udc1d\ud835\udc1a, \ud835\udc0f\ud835\udc2b\ud835\udc1e\ud835\udc2c\ud835\udc2e\ud835\udc29\ud835\udc2e\ud835\udc1e\ud835\udc2c\ud835\udc2d\ud835\udc28 \ud835\udc32 \ud835\udc02\ud835\udc2e\ud835\udc1e\ud835\udc27\ud835\udc2d\ud835\udc1a\ud835\udc2c: Durante su desarrollo, los concejales analizaron diversos expedientes con pedidos de condonaci\u00f3n de deuda, otorgando visto bueno a seis de ellos que est\u00e1n vinculados al Impuesto Automotor.\n.\n.\n#yoparticipo #ConcejoDeliberanteDeSalta #planificacion #Salta #ciudad #barrios #vecinos\" aria-hidden=\"true\">\n\t\t<\/a>\n\t<\/div>\n<\/div><div class=\"sbi_item sbi_type_image sbi_new sbi_transition\"\n\tid=\"sbi_18037968922868252\" data-date=\"1713896012\">\n\t<div class=\"sbi_photo_wrap\">\n\t\t<a class=\"sbi_photo\" href=\"https:\/\/www.instagram.com\/p\/C6HRdHeOXK4\/\" target=\"_blank\" rel=\"noopener nofollow\"\n\t\t\tdata-full-res=\"https:\/\/scontent.cdninstagram.com\/v\/t51.29350-15\/439526610_991513132493191_2039178110264340497_n.webp?stp=dst-jpg&#038;_nc_cat=109&#038;ccb=1-7&#038;_nc_sid=18de74&#038;_nc_ohc=W_uxl1fFOzIQ7kNvgFatOPL&#038;_nc_ht=scontent.cdninstagram.com&#038;edm=ANo9K5cEAAAA&#038;oh=00_AfAyCmqqZXiVNg81tlJ_93DjuHoXyKYIGCICyQ4HPW29DQ&#038;oe=66394624\"\n\t\t\tdata-img-src-set=\"{&quot;d&quot;:&quot;https:\\\/\\\/scontent.cdninstagram.com\\\/v\\\/t51.29350-15\\\/439526610_991513132493191_2039178110264340497_n.webp?stp=dst-jpg&amp;_nc_cat=109&amp;ccb=1-7&amp;_nc_sid=18de74&amp;_nc_ohc=W_uxl1fFOzIQ7kNvgFatOPL&amp;_nc_ht=scontent.cdninstagram.com&amp;edm=ANo9K5cEAAAA&amp;oh=00_AfAyCmqqZXiVNg81tlJ_93DjuHoXyKYIGCICyQ4HPW29DQ&amp;oe=66394624&quot;,&quot;150&quot;:&quot;https:\\\/\\\/scontent.cdninstagram.com\\\/v\\\/t51.29350-15\\\/439526610_991513132493191_2039178110264340497_n.webp?stp=dst-jpg&amp;_nc_cat=109&amp;ccb=1-7&amp;_nc_sid=18de74&amp;_nc_ohc=W_uxl1fFOzIQ7kNvgFatOPL&amp;_nc_ht=scontent.cdninstagram.com&amp;edm=ANo9K5cEAAAA&amp;oh=00_AfAyCmqqZXiVNg81tlJ_93DjuHoXyKYIGCICyQ4HPW29DQ&amp;oe=66394624&quot;,&quot;320&quot;:&quot;https:\\\/\\\/scontent.cdninstagram.com\\\/v\\\/t51.29350-15\\\/439526610_991513132493191_2039178110264340497_n.webp?stp=dst-jpg&amp;_nc_cat=109&amp;ccb=1-7&amp;_nc_sid=18de74&amp;_nc_ohc=W_uxl1fFOzIQ7kNvgFatOPL&amp;_nc_ht=scontent.cdninstagram.com&amp;edm=ANo9K5cEAAAA&amp;oh=00_AfAyCmqqZXiVNg81tlJ_93DjuHoXyKYIGCICyQ4HPW29DQ&amp;oe=66394624&quot;,&quot;640&quot;:&quot;https:\\\/\\\/scontent.cdninstagram.com\\\/v\\\/t51.29350-15\\\/439526610_991513132493191_2039178110264340497_n.webp?stp=dst-jpg&amp;_nc_cat=109&amp;ccb=1-7&amp;_nc_sid=18de74&amp;_nc_ohc=W_uxl1fFOzIQ7kNvgFatOPL&amp;_nc_ht=scontent.cdninstagram.com&amp;edm=ANo9K5cEAAAA&amp;oh=00_AfAyCmqqZXiVNg81tlJ_93DjuHoXyKYIGCICyQ4HPW29DQ&amp;oe=66394624&quot;}\">\n\t\t\t<span class=\"sbi-screenreader\">\ud83d\udc49Defendamos la Universidad P\u00fablica porque naci<\/span>\n\t\t\t\t\t\t\t\t\t<img decoding=\"async\" src=\"https:\/\/yoparticipo.com.ar\/web\/wp-content\/plugins\/instagram-feed\/img\/placeholder.png\" alt=\"\ud83d\udc49Defendamos la Universidad P\u00fablica porque naci\u00f3 para ser de todos!\ud83d\udcaa\n#universidadpublica #educacionpublica #marcha\" aria-hidden=\"true\">\n\t\t<\/a>\n\t<\/div>\n<\/div><div class=\"sbi_item sbi_type_video sbi_new sbi_transition\"\n\tid=\"sbi_18003329750299593\" data-date=\"1713810606\">\n\t<div class=\"sbi_photo_wrap\">\n\t\t<a class=\"sbi_photo\" href=\"https:\/\/www.instagram.com\/reel\/C6Eub6-uks2\/\" target=\"_blank\" rel=\"noopener nofollow\"\n\t\t\tdata-full-res=\"https:\/\/scontent.cdninstagram.com\/v\/t51.29350-15\/439587623_801594638575782_355507939343579455_n.jpg?_nc_cat=110&#038;ccb=1-7&#038;_nc_sid=18de74&#038;_nc_ohc=JfbHY2RQILUQ7kNvgFb3bLn&#038;_nc_ht=scontent.cdninstagram.com&#038;edm=ANo9K5cEAAAA&#038;oh=00_AfBVzV0pjl4En67ccLBXIQbSYu25U39xCooRWjkcMMWjOA&#038;oe=66394079\"\n\t\t\tdata-img-src-set=\"{&quot;d&quot;:&quot;https:\\\/\\\/scontent.cdninstagram.com\\\/v\\\/t51.29350-15\\\/439587623_801594638575782_355507939343579455_n.jpg?_nc_cat=110&amp;ccb=1-7&amp;_nc_sid=18de74&amp;_nc_ohc=JfbHY2RQILUQ7kNvgFb3bLn&amp;_nc_ht=scontent.cdninstagram.com&amp;edm=ANo9K5cEAAAA&amp;oh=00_AfBVzV0pjl4En67ccLBXIQbSYu25U39xCooRWjkcMMWjOA&amp;oe=66394079&quot;,&quot;150&quot;:&quot;https:\\\/\\\/scontent.cdninstagram.com\\\/v\\\/t51.29350-15\\\/439587623_801594638575782_355507939343579455_n.jpg?_nc_cat=110&amp;ccb=1-7&amp;_nc_sid=18de74&amp;_nc_ohc=JfbHY2RQILUQ7kNvgFb3bLn&amp;_nc_ht=scontent.cdninstagram.com&amp;edm=ANo9K5cEAAAA&amp;oh=00_AfBVzV0pjl4En67ccLBXIQbSYu25U39xCooRWjkcMMWjOA&amp;oe=66394079&quot;,&quot;320&quot;:&quot;https:\\\/\\\/scontent.cdninstagram.com\\\/v\\\/t51.29350-15\\\/439587623_801594638575782_355507939343579455_n.jpg?_nc_cat=110&amp;ccb=1-7&amp;_nc_sid=18de74&amp;_nc_ohc=JfbHY2RQILUQ7kNvgFb3bLn&amp;_nc_ht=scontent.cdninstagram.com&amp;edm=ANo9K5cEAAAA&amp;oh=00_AfBVzV0pjl4En67ccLBXIQbSYu25U39xCooRWjkcMMWjOA&amp;oe=66394079&quot;,&quot;640&quot;:&quot;https:\\\/\\\/scontent.cdninstagram.com\\\/v\\\/t51.29350-15\\\/439587623_801594638575782_355507939343579455_n.jpg?_nc_cat=110&amp;ccb=1-7&amp;_nc_sid=18de74&amp;_nc_ohc=JfbHY2RQILUQ7kNvgFb3bLn&amp;_nc_ht=scontent.cdninstagram.com&amp;edm=ANo9K5cEAAAA&amp;oh=00_AfBVzV0pjl4En67ccLBXIQbSYu25U39xCooRWjkcMMWjOA&amp;oe=66394079&quot;}\">\n\t\t\t<span class=\"sbi-screenreader\">\ud83d\udc49Reactivamos la \u201cCampa\u00f1a del Papel\u201d en el <\/span>\n\t\t\t\t\t\t<svg style=\"color: rgba(255,255,255,1)\" class=\"svg-inline--fa fa-play fa-w-14 sbi_playbtn\" aria-label=\"Play\" aria-hidden=\"true\" data-fa-processed=\"\" data-prefix=\"fa\" data-icon=\"play\" role=\"presentation\" xmlns=\"http:\/\/www.w3.org\/2000\/svg\" viewBox=\"0 0 448 512\"><path fill=\"currentColor\" d=\"M424.4 214.7L72.4 6.6C43.8-10.3 0 6.1 0 47.9V464c0 37.5 40.7 60.1 72.4 41.3l352-208c31.4-18.5 31.5-64.1 0-82.6z\"><\/path><\/svg>\t\t\t<img decoding=\"async\" src=\"https:\/\/yoparticipo.com.ar\/web\/wp-content\/plugins\/instagram-feed\/img\/placeholder.png\" alt=\"\ud83d\udc49Reactivamos la \u201cCampa\u00f1a del Papel\u201d en el d\u00eda mundial de la Tierra.\n \ud83d\udc49Entregamos 22 kg de papel utilizado en la oficina a Ceos Sol.\n\n#yoparticipo #reciclar #diadelatierra #ecologia #medioambiente\" aria-hidden=\"true\">\n\t\t<\/a>\n\t<\/div>\n<\/div><div class=\"sbi_item sbi_type_image sbi_new sbi_transition\"\n\tid=\"sbi_18027263831064295\" data-date=\"1713567704\">\n\t<div class=\"sbi_photo_wrap\">\n\t\t<a class=\"sbi_photo\" href=\"https:\/\/www.instagram.com\/p\/C59fQbOu3SC\/\" target=\"_blank\" rel=\"noopener nofollow\"\n\t\t\tdata-full-res=\"https:\/\/scontent.cdninstagram.com\/v\/t51.29350-15\/439574762_1151399402541967_8895944104610447079_n.webp?stp=dst-jpg&#038;_nc_cat=101&#038;ccb=1-7&#038;_nc_sid=18de74&#038;_nc_ohc=6N9t9QmL7A0Q7kNvgGvcB5J&#038;_nc_ht=scontent.cdninstagram.com&#038;edm=ANo9K5cEAAAA&#038;oh=00_AfAJhoEz7WMqhSSwnBScSIlg5nYSq-1lH8116-g-xM_-RA&#038;oe=6639607C\"\n\t\t\tdata-img-src-set=\"{&quot;d&quot;:&quot;https:\\\/\\\/scontent.cdninstagram.com\\\/v\\\/t51.29350-15\\\/439574762_1151399402541967_8895944104610447079_n.webp?stp=dst-jpg&amp;_nc_cat=101&amp;ccb=1-7&amp;_nc_sid=18de74&amp;_nc_ohc=6N9t9QmL7A0Q7kNvgGvcB5J&amp;_nc_ht=scontent.cdninstagram.com&amp;edm=ANo9K5cEAAAA&amp;oh=00_AfAJhoEz7WMqhSSwnBScSIlg5nYSq-1lH8116-g-xM_-RA&amp;oe=6639607C&quot;,&quot;150&quot;:&quot;https:\\\/\\\/scontent.cdninstagram.com\\\/v\\\/t51.29350-15\\\/439574762_1151399402541967_8895944104610447079_n.webp?stp=dst-jpg&amp;_nc_cat=101&amp;ccb=1-7&amp;_nc_sid=18de74&amp;_nc_ohc=6N9t9QmL7A0Q7kNvgGvcB5J&amp;_nc_ht=scontent.cdninstagram.com&amp;edm=ANo9K5cEAAAA&amp;oh=00_AfAJhoEz7WMqhSSwnBScSIlg5nYSq-1lH8116-g-xM_-RA&amp;oe=6639607C&quot;,&quot;320&quot;:&quot;https:\\\/\\\/scontent.cdninstagram.com\\\/v\\\/t51.29350-15\\\/439574762_1151399402541967_8895944104610447079_n.webp?stp=dst-jpg&amp;_nc_cat=101&amp;ccb=1-7&amp;_nc_sid=18de74&amp;_nc_ohc=6N9t9QmL7A0Q7kNvgGvcB5J&amp;_nc_ht=scontent.cdninstagram.com&amp;edm=ANo9K5cEAAAA&amp;oh=00_AfAJhoEz7WMqhSSwnBScSIlg5nYSq-1lH8116-g-xM_-RA&amp;oe=6639607C&quot;,&quot;640&quot;:&quot;https:\\\/\\\/scontent.cdninstagram.com\\\/v\\\/t51.29350-15\\\/439574762_1151399402541967_8895944104610447079_n.webp?stp=dst-jpg&amp;_nc_cat=101&amp;ccb=1-7&amp;_nc_sid=18de74&amp;_nc_ohc=6N9t9QmL7A0Q7kNvgGvcB5J&amp;_nc_ht=scontent.cdninstagram.com&amp;edm=ANo9K5cEAAAA&amp;oh=00_AfAJhoEz7WMqhSSwnBScSIlg5nYSq-1lH8116-g-xM_-RA&amp;oe=6639607C&quot;}\">\n\t\t\t<span class=\"sbi-screenreader\">\ud835\udc13\ud835\udc2b\ud835\udc1a\ud835\udc1b\ud835\udc1a\ud835\udc23\ud835\udc28 \ud835\udc1e\ud835\udc27 \ud835\udc02\ud835\udc28\ud835\udc26<\/span>\n\t\t\t\t\t\t\t\t\t<img decoding=\"async\" src=\"https:\/\/yoparticipo.com.ar\/web\/wp-content\/plugins\/instagram-feed\/img\/placeholder.png\" alt=\"\ud835\udc13\ud835\udc2b\ud835\udc1a\ud835\udc1b\ud835\udc1a\ud835\udc23\ud835\udc28 \ud835\udc1e\ud835\udc27 \ud835\udc02\ud835\udc28\ud835\udc26\ud835\udc22\ud835\udc2c\ud835\udc22\ud835\udc28\ud835\udc27\ud835\udc1e\ud835\udc2c \ud835\udc0f\ud835\udc1e\ud835\udc2b\ud835\udc26\ud835\udc1a\ud835\udc27\ud835\udc1e\ud835\udc27\ud835\udc2d\ud835\udc1e\ud835\udc2c\n\nEn la jornada del viernes 19 de abril, con la presencia de la Concejal @belenmamaniok en Reuni\u00f3n de comision, se trato:\n\n\u27a1\ufe0f \ud835\udc02\ud835\udc28\ud835\udc26\ud835\udc22\ud835\udc2c\ud835\udc22\ud835\udc28\u0301\ud835\udc27 \ud835\udc1d\ud835\udc1e \ud835\udc0c\ud835\udc1e\ud835\udc1d\ud835\udc22\ud835\udc28 \ud835\udc00\ud835\udc26\ud835\udc1b\ud835\udc22\ud835\udc1e\ud835\udc27\ud835\udc2d\ud835\udc1e, \ud835\udc07\ud835\udc22\ud835\udc20\ud835\udc22\ud835\udc1e\ud835\udc27\ud835\udc1e \ud835\udc32 \ud835\udc12\ud835\udc1e\ud835\udc20\ud835\udc2e\ud835\udc2b\ud835\udc22\ud835\udc1d\ud835\udc1a\ud835\udc1d: Se acordaron realizar una visita al Cerro Ala Delta el pr\u00f3ximo viernes 26, con el objeto de obtener informaci\u00f3n en relaci\u00f3n a los avances de la obra del Proyecto Nueva Traza y Provisi\u00f3n de un Sistema de Transporte por Cable, impulsado por el Complejo Telef\u00e9rico Salta.\n.\n.\n.\n#yoparticipo #ConcejoDeliberanteDeSalta #planificacion #Salta #ciudad #barrios #vecinos\" aria-hidden=\"true\">\n\t\t<\/a>\n\t<\/div>\n<\/div><div class=\"sbi_item sbi_type_image sbi_new sbi_transition\"\n\tid=\"sbi_18033321991751254\" data-date=\"1713289627\">\n\t<div class=\"sbi_photo_wrap\">\n\t\t<a class=\"sbi_photo\" href=\"https:\/\/www.instagram.com\/p\/C51M3c9uU9T\/\" target=\"_blank\" rel=\"noopener nofollow\"\n\t\t\tdata-full-res=\"https:\/\/scontent.cdninstagram.com\/v\/t51.29350-15\/438549739_243680662164576_219620843396100405_n.webp?stp=dst-jpg&#038;_nc_cat=100&#038;ccb=1-7&#038;_nc_sid=18de74&#038;_nc_ohc=lI2mODF2B6sQ7kNvgGfad37&#038;_nc_ht=scontent.cdninstagram.com&#038;edm=ANo9K5cEAAAA&#038;oh=00_AfDFYkAMHJKsomBnsNpAkZ7Rle8-1Qdst2hnHlJbXtRL8g&#038;oe=66393B09\"\n\t\t\tdata-img-src-set=\"{&quot;d&quot;:&quot;https:\\\/\\\/scontent.cdninstagram.com\\\/v\\\/t51.29350-15\\\/438549739_243680662164576_219620843396100405_n.webp?stp=dst-jpg&amp;_nc_cat=100&amp;ccb=1-7&amp;_nc_sid=18de74&amp;_nc_ohc=lI2mODF2B6sQ7kNvgGfad37&amp;_nc_ht=scontent.cdninstagram.com&amp;edm=ANo9K5cEAAAA&amp;oh=00_AfDFYkAMHJKsomBnsNpAkZ7Rle8-1Qdst2hnHlJbXtRL8g&amp;oe=66393B09&quot;,&quot;150&quot;:&quot;https:\\\/\\\/scontent.cdninstagram.com\\\/v\\\/t51.29350-15\\\/438549739_243680662164576_219620843396100405_n.webp?stp=dst-jpg&amp;_nc_cat=100&amp;ccb=1-7&amp;_nc_sid=18de74&amp;_nc_ohc=lI2mODF2B6sQ7kNvgGfad37&amp;_nc_ht=scontent.cdninstagram.com&amp;edm=ANo9K5cEAAAA&amp;oh=00_AfDFYkAMHJKsomBnsNpAkZ7Rle8-1Qdst2hnHlJbXtRL8g&amp;oe=66393B09&quot;,&quot;320&quot;:&quot;https:\\\/\\\/scontent.cdninstagram.com\\\/v\\\/t51.29350-15\\\/438549739_243680662164576_219620843396100405_n.webp?stp=dst-jpg&amp;_nc_cat=100&amp;ccb=1-7&amp;_nc_sid=18de74&amp;_nc_ohc=lI2mODF2B6sQ7kNvgGfad37&amp;_nc_ht=scontent.cdninstagram.com&amp;edm=ANo9K5cEAAAA&amp;oh=00_AfDFYkAMHJKsomBnsNpAkZ7Rle8-1Qdst2hnHlJbXtRL8g&amp;oe=66393B09&quot;,&quot;640&quot;:&quot;https:\\\/\\\/scontent.cdninstagram.com\\\/v\\\/t51.29350-15\\\/438549739_243680662164576_219620843396100405_n.webp?stp=dst-jpg&amp;_nc_cat=100&amp;ccb=1-7&amp;_nc_sid=18de74&amp;_nc_ohc=lI2mODF2B6sQ7kNvgGfad37&amp;_nc_ht=scontent.cdninstagram.com&amp;edm=ANo9K5cEAAAA&amp;oh=00_AfDFYkAMHJKsomBnsNpAkZ7Rle8-1Qdst2hnHlJbXtRL8g&amp;oe=66393B09&quot;}\">\n\t\t\t<span class=\"sbi-screenreader\">\ud83d\udc49Hoy se conmemora un nuevo aniversario de la ci<\/span>\n\t\t\t\t\t\t\t\t\t<img decoding=\"async\" src=\"https:\/\/yoparticipo.com.ar\/web\/wp-content\/plugins\/instagram-feed\/img\/placeholder.png\" alt=\"\ud83d\udc49Hoy se conmemora un nuevo aniversario de la ciudad de Salta!\n\ud83d\ude4cFelicidades Salta, la linda!\ud83e\udde1\n\n#yoparticipo #salta #fundacion\" aria-hidden=\"true\">\n\t\t<\/a>\n\t<\/div>\n<\/div><div class=\"sbi_item sbi_type_video sbi_new sbi_transition\"\n\tid=\"sbi_18002316944288679\" data-date=\"1712862930\">\n\t<div class=\"sbi_photo_wrap\">\n\t\t<a class=\"sbi_photo\" href=\"https:\/\/www.instagram.com\/reel\/C5od5AbO0eK\/\" target=\"_blank\" rel=\"noopener nofollow\"\n\t\t\tdata-full-res=\"https:\/\/scontent.cdninstagram.com\/v\/t51.29350-15\/437146585_1481398672480917_2467729857633848656_n.jpg?_nc_cat=108&#038;ccb=1-7&#038;_nc_sid=18de74&#038;_nc_ohc=huxly0sEYhEQ7kNvgEJ5vtr&#038;_nc_ht=scontent.cdninstagram.com&#038;edm=ANo9K5cEAAAA&#038;oh=00_AfBr002mveLyreDfNlAlMPTRwejsUGlhl_40vlGfWJ6onA&#038;oe=66396327\"\n\t\t\tdata-img-src-set=\"{&quot;d&quot;:&quot;https:\\\/\\\/scontent.cdninstagram.com\\\/v\\\/t51.29350-15\\\/437146585_1481398672480917_2467729857633848656_n.jpg?_nc_cat=108&amp;ccb=1-7&amp;_nc_sid=18de74&amp;_nc_ohc=huxly0sEYhEQ7kNvgEJ5vtr&amp;_nc_ht=scontent.cdninstagram.com&amp;edm=ANo9K5cEAAAA&amp;oh=00_AfBr002mveLyreDfNlAlMPTRwejsUGlhl_40vlGfWJ6onA&amp;oe=66396327&quot;,&quot;150&quot;:&quot;https:\\\/\\\/scontent.cdninstagram.com\\\/v\\\/t51.29350-15\\\/437146585_1481398672480917_2467729857633848656_n.jpg?_nc_cat=108&amp;ccb=1-7&amp;_nc_sid=18de74&amp;_nc_ohc=huxly0sEYhEQ7kNvgEJ5vtr&amp;_nc_ht=scontent.cdninstagram.com&amp;edm=ANo9K5cEAAAA&amp;oh=00_AfBr002mveLyreDfNlAlMPTRwejsUGlhl_40vlGfWJ6onA&amp;oe=66396327&quot;,&quot;320&quot;:&quot;https:\\\/\\\/scontent.cdninstagram.com\\\/v\\\/t51.29350-15\\\/437146585_1481398672480917_2467729857633848656_n.jpg?_nc_cat=108&amp;ccb=1-7&amp;_nc_sid=18de74&amp;_nc_ohc=huxly0sEYhEQ7kNvgEJ5vtr&amp;_nc_ht=scontent.cdninstagram.com&amp;edm=ANo9K5cEAAAA&amp;oh=00_AfBr002mveLyreDfNlAlMPTRwejsUGlhl_40vlGfWJ6onA&amp;oe=66396327&quot;,&quot;640&quot;:&quot;https:\\\/\\\/scontent.cdninstagram.com\\\/v\\\/t51.29350-15\\\/437146585_1481398672480917_2467729857633848656_n.jpg?_nc_cat=108&amp;ccb=1-7&amp;_nc_sid=18de74&amp;_nc_ohc=huxly0sEYhEQ7kNvgEJ5vtr&amp;_nc_ht=scontent.cdninstagram.com&amp;edm=ANo9K5cEAAAA&amp;oh=00_AfBr002mveLyreDfNlAlMPTRwejsUGlhl_40vlGfWJ6onA&amp;oe=66396327&quot;}\">\n\t\t\t<span class=\"sbi-screenreader\">\ud83d\udc49\ud83c\udffcEl Concejal Gonzalo Corral habl\u00f3 sobre la<\/span>\n\t\t\t\t\t\t<svg style=\"color: rgba(255,255,255,1)\" class=\"svg-inline--fa fa-play fa-w-14 sbi_playbtn\" aria-label=\"Play\" aria-hidden=\"true\" data-fa-processed=\"\" data-prefix=\"fa\" data-icon=\"play\" role=\"presentation\" xmlns=\"http:\/\/www.w3.org\/2000\/svg\" viewBox=\"0 0 448 512\"><path fill=\"currentColor\" d=\"M424.4 214.7L72.4 6.6C43.8-10.3 0 6.1 0 47.9V464c0 37.5 40.7 60.1 72.4 41.3l352-208c31.4-18.5 31.5-64.1 0-82.6z\"><\/path><\/svg>\t\t\t<img decoding=\"async\" src=\"https:\/\/yoparticipo.com.ar\/web\/wp-content\/plugins\/instagram-feed\/img\/placeholder.png\" alt=\"\ud83d\udc49\ud83c\udffcEl Concejal Gonzalo Corral habl\u00f3 sobre la reuni\u00f3n que tuvo con vecinos de  la zona sur de la ciudad y puso sobre la mesa el pedido de los mismos para que la l\u00ednea  3C de SAETA retome el recorrido anterior para facilitar a los usuarios el traslado desde all\u00ed. \n\ud83d\udc49\ud83c\udffc Estos vecinos tienen que caminar muchas cuadras para llegar a la parada de ese colectivo y eso genera inseguridad y p\u00e9rdida de tiempo.\n\n#yoparticipo #salta #concejodeliberante\" aria-hidden=\"true\">\n\t\t<\/a>\n\t<\/div>\n<\/div><div class=\"sbi_item sbi_type_video sbi_new sbi_transition\"\n\tid=\"sbi_18010072073462214\" data-date=\"1712858166\">\n\t<div class=\"sbi_photo_wrap\">\n\t\t<a class=\"sbi_photo\" href=\"https:\/\/www.instagram.com\/reel\/C5oVpawyqJY\/\" target=\"_blank\" rel=\"noopener nofollow\"\n\t\t\tdata-full-res=\"https:\/\/scontent.cdninstagram.com\/v\/t51.29350-15\/437055919_1147348159945789_2720051478666249897_n.jpg?_nc_cat=104&#038;ccb=1-7&#038;_nc_sid=18de74&#038;_nc_ohc=RZR1k-uWMgAQ7kNvgHfPACp&#038;_nc_ht=scontent.cdninstagram.com&#038;edm=ANo9K5cEAAAA&#038;oh=00_AfCINu-B38O8rHPZ0BuMIckYS4JXmIcqtXfLsJIzslQ6nA&#038;oe=663968F0\"\n\t\t\tdata-img-src-set=\"{&quot;d&quot;:&quot;https:\\\/\\\/scontent.cdninstagram.com\\\/v\\\/t51.29350-15\\\/437055919_1147348159945789_2720051478666249897_n.jpg?_nc_cat=104&amp;ccb=1-7&amp;_nc_sid=18de74&amp;_nc_ohc=RZR1k-uWMgAQ7kNvgHfPACp&amp;_nc_ht=scontent.cdninstagram.com&amp;edm=ANo9K5cEAAAA&amp;oh=00_AfCINu-B38O8rHPZ0BuMIckYS4JXmIcqtXfLsJIzslQ6nA&amp;oe=663968F0&quot;,&quot;150&quot;:&quot;https:\\\/\\\/scontent.cdninstagram.com\\\/v\\\/t51.29350-15\\\/437055919_1147348159945789_2720051478666249897_n.jpg?_nc_cat=104&amp;ccb=1-7&amp;_nc_sid=18de74&amp;_nc_ohc=RZR1k-uWMgAQ7kNvgHfPACp&amp;_nc_ht=scontent.cdninstagram.com&amp;edm=ANo9K5cEAAAA&amp;oh=00_AfCINu-B38O8rHPZ0BuMIckYS4JXmIcqtXfLsJIzslQ6nA&amp;oe=663968F0&quot;,&quot;320&quot;:&quot;https:\\\/\\\/scontent.cdninstagram.com\\\/v\\\/t51.29350-15\\\/437055919_1147348159945789_2720051478666249897_n.jpg?_nc_cat=104&amp;ccb=1-7&amp;_nc_sid=18de74&amp;_nc_ohc=RZR1k-uWMgAQ7kNvgHfPACp&amp;_nc_ht=scontent.cdninstagram.com&amp;edm=ANo9K5cEAAAA&amp;oh=00_AfCINu-B38O8rHPZ0BuMIckYS4JXmIcqtXfLsJIzslQ6nA&amp;oe=663968F0&quot;,&quot;640&quot;:&quot;https:\\\/\\\/scontent.cdninstagram.com\\\/v\\\/t51.29350-15\\\/437055919_1147348159945789_2720051478666249897_n.jpg?_nc_cat=104&amp;ccb=1-7&amp;_nc_sid=18de74&amp;_nc_ohc=RZR1k-uWMgAQ7kNvgHfPACp&amp;_nc_ht=scontent.cdninstagram.com&amp;edm=ANo9K5cEAAAA&amp;oh=00_AfCINu-B38O8rHPZ0BuMIckYS4JXmIcqtXfLsJIzslQ6nA&amp;oe=663968F0&quot;}\">\n\t\t\t<span class=\"sbi-screenreader\">\ud83d\udc49La comisi\u00f3n de Salud se reuni\u00f3 junto a la Li<\/span>\n\t\t\t\t\t\t<svg style=\"color: rgba(255,255,255,1)\" class=\"svg-inline--fa fa-play fa-w-14 sbi_playbtn\" aria-label=\"Play\" aria-hidden=\"true\" data-fa-processed=\"\" data-prefix=\"fa\" data-icon=\"play\" role=\"presentation\" xmlns=\"http:\/\/www.w3.org\/2000\/svg\" viewBox=\"0 0 448 512\"><path fill=\"currentColor\" d=\"M424.4 214.7L72.4 6.6C43.8-10.3 0 6.1 0 47.9V464c0 37.5 40.7 60.1 72.4 41.3l352-208c31.4-18.5 31.5-64.1 0-82.6z\"><\/path><\/svg>\t\t\t<img decoding=\"async\" src=\"https:\/\/yoparticipo.com.ar\/web\/wp-content\/plugins\/instagram-feed\/img\/placeholder.png\" alt=\"\ud83d\udc49La comisi\u00f3n de Salud se reuni\u00f3 junto a la Licenciada Mirta Machuca, presidente del Colegio de Graduados de Nutrici\u00f3n y con el doctor Luis Cataldi vicepresidente de la Asociaci\u00f3n Salte\u00f1a de Pediatria.\n\ud83d\udc49Esta reuni\u00f3n se di\u00f3 con el fin de conocer diversos temas de salud que afectan a j\u00f3venes y adolescentes de nuestra provincia.\" aria-hidden=\"true\">\n\t\t<\/a>\n\t<\/div>\n<\/div>\t<\/div>\n\n\t<div id=\"sbi_load\" >\n\n\t\t\t<button class=\"sbi_load_btn\"\n\t\t\ttype=\"button\" >\n\t\t\t<span class=\"sbi_btn_text\" >Ver mas...<\/span>\n\t\t\t<span class=\"sbi_loader sbi_hidden\" style=\"background-color: rgb(255, 255, 255);\" aria-hidden=\"true\"><\/span>\n\t\t<\/button>\n\t\n\t\t\t<span class=\"sbi_follow_btn sbi_custom\" >\n\t\t\t<a target=\"_blank\"\n\t\t\t\trel=\"nofollow noopener\"  href=\"https:\/\/www.instagram.com\/yoparticiposalta\/\" style=\"background: rgb(255,193,4);\">\n\t\t\t\t<svg class=\"svg-inline--fa fa-instagram fa-w-14\" aria-hidden=\"true\" data-fa-processed=\"\" aria-label=\"Instagram\" data-prefix=\"fab\" data-icon=\"instagram\" role=\"img\" viewBox=\"0 0 448 512\">\n                    <path fill=\"currentColor\" d=\"M224.1 141c-63.6 0-114.9 51.3-114.9 114.9s51.3 114.9 114.9 114.9S339 319.5 339 255.9 287.7 141 224.1 141zm0 189.6c-41.1 0-74.7-33.5-74.7-74.7s33.5-74.7 74.7-74.7 74.7 33.5 74.7 74.7-33.6 74.7-74.7 74.7zm146.4-194.3c0 14.9-12 26.8-26.8 26.8-14.9 0-26.8-12-26.8-26.8s12-26.8 26.8-26.8 26.8 12 26.8 26.8zm76.1 27.2c-1.7-35.9-9.9-67.7-36.2-93.9-26.2-26.2-58-34.4-93.9-36.2-37-2.1-147.9-2.1-184.9 0-35.8 1.7-67.6 9.9-93.9 36.1s-34.4 58-36.2 93.9c-2.1 37-2.1 147.9 0 184.9 1.7 35.9 9.9 67.7 36.2 93.9s58 34.4 93.9 36.2c37 2.1 147.9 2.1 184.9 0 35.9-1.7 67.7-9.9 93.9-36.2 26.2-26.2 34.4-58 36.2-93.9 2.1-37 2.1-147.8 0-184.8zM398.8 388c-7.8 19.6-22.9 34.7-42.6 42.6-29.5 11.7-99.5 9-132.1 9s-102.7 2.6-132.1-9c-19.6-7.8-34.7-22.9-42.6-42.6-11.7-29.5-9-99.5-9-132.1s-2.6-102.7 9-132.1c7.8-19.6 22.9-34.7 42.6-42.6 29.5-11.7 99.5-9 132.1-9s102.7-2.6 132.1 9c19.6 7.8 34.7 22.9 42.6 42.6 11.7 29.5 9 99.5 9 132.1s2.7 102.7-9 132.1z\"><\/path>\n                <\/svg>\t\t\t\t<span>Seguinos en Instagram<\/span>\n\t\t\t<\/a>\n\t\t<\/span>\n\t\n<\/div>\n\t\t<span class=\"sbi_resized_image_data\" data-feed-id=\"*1\"\n\t\t  data-resized=\"{&quot;18033321991751254&quot;:{&quot;id&quot;:&quot;438549739_243680662164576_219620843396100405_n.webp&quot;,&quot;ratio&quot;:&quot;0.80&quot;,&quot;sizes&quot;:{&quot;full&quot;:640,&quot;low&quot;:320,&quot;thumb&quot;:150},&quot;extension&quot;:&quot;.jpg&quot;},&quot;18002316944288679&quot;:{&quot;id&quot;:&quot;437146585_1481398672480917_2467729857633848656_n&quot;,&quot;ratio&quot;:&quot;0.56&quot;,&quot;sizes&quot;:{&quot;full&quot;:640,&quot;low&quot;:320,&quot;thumb&quot;:150},&quot;extension&quot;:&quot;.jpg&quot;},&quot;18010072073462214&quot;:{&quot;id&quot;:&quot;437055919_1147348159945789_2720051478666249897_n&quot;,&quot;ratio&quot;:&quot;0.56&quot;,&quot;sizes&quot;:{&quot;full&quot;:640,&quot;low&quot;:320,&quot;thumb&quot;:150},&quot;extension&quot;:&quot;.jpg&quot;},&quot;18027263831064295&quot;:{&quot;id&quot;:&quot;439574762_1151399402541967_8895944104610447079_n.webp&quot;,&quot;ratio&quot;:&quot;0.80&quot;,&quot;sizes&quot;:{&quot;full&quot;:640,&quot;low&quot;:320,&quot;thumb&quot;:150},&quot;extension&quot;:&quot;.jpg&quot;},&quot;18003329750299593&quot;:{&quot;id&quot;:&quot;439587623_801594638575782_355507939343579455_n&quot;,&quot;ratio&quot;:&quot;0.56&quot;,&quot;sizes&quot;:{&quot;full&quot;:640,&quot;low&quot;:320,&quot;thumb&quot;:150},&quot;extension&quot;:&quot;.jpg&quot;},&quot;17902750871969820&quot;:{&quot;id&quot;:&quot;439562923_1348403482495054_2933885002838214499_n.webp&quot;,&quot;ratio&quot;:&quot;0.80&quot;,&quot;sizes&quot;:{&quot;full&quot;:640,&quot;low&quot;:320,&quot;thumb&quot;:150},&quot;extension&quot;:&quot;.jpg&quot;},&quot;18037968922868252&quot;:{&quot;id&quot;:&quot;439526610_991513132493191_2039178110264340497_n.webp&quot;,&quot;ratio&quot;:&quot;0.80&quot;,&quot;sizes&quot;:{&quot;full&quot;:640,&quot;low&quot;:320,&quot;thumb&quot;:150},&quot;extension&quot;:&quot;.jpg&quot;},&quot;18236706460251152&quot;:{&quot;id&quot;:&quot;439543937_877543194138045_8246926416895502841_n&quot;,&quot;ratio&quot;:&quot;0.56&quot;,&quot;sizes&quot;:{&quot;full&quot;:640,&quot;low&quot;:320,&quot;thumb&quot;:150},&quot;extension&quot;:&quot;.jpg&quot;}}\">\n\t<\/span>\n\t<\/div>\n\n\t<style type=\"text\/css\">\n\t\t\t\t\t\t#sb_instagram .sbi_follow_btn a:hover,\n\t\t#sb_instagram .sbi_follow_btn a:focus {\n\t\t\toutline: none;\n\t\t\tbox-shadow: inset 0 0 10px 20px#E6880B;\n\t\t}\n\n\t\t\t<\/style>\n\t\n<\/div><\/div>\n\n\n\n<div class=\"wp-block-uagb-container uagb-block-c9d42a0f alignfull uagb-is-root-container\"><div class=\"uagb-container-inner-blocks-wrap\">\n<div class=\"wp-block-uagb-container uagb-block-8d8305c0\">\n<div class=\"wp-block-uagb-image aligncenter uagb-block-1f003be4 wp-block-uagb-image--layout-default wp-block-uagb-image--effect-static wp-block-uagb-image--align-center\"><figure class=\"wp-block-uagb-image__figure\"><a class=\"\" href=\"https:\/\/www.facebook.com\/yoparticiposalta\" target=\"\" rel=\"noopener\"><img decoding=\"async\" srcset=\"https:\/\/yoparticipo.com.ar\/web\/wp-content\/uploads\/2024\/02\/btn-facebook.jpg ,https:\/\/yoparticipo.com.ar\/web\/wp-content\/uploads\/2024\/02\/btn-facebook.jpg 780w, https:\/\/yoparticipo.com.ar\/web\/wp-content\/uploads\/2024\/02\/btn-facebook.jpg 360w\" sizes=\"auto, (max-width: 480px) 150px\" src=\"https:\/\/yoparticipo.com.ar\/web\/wp-content\/uploads\/2024\/02\/btn-facebook.jpg\" alt=\"\" class=\"uag-image-80\" width=\"316\" height=\"56\" title=\"\" loading=\"lazy\"\/><\/a><\/figure><\/div>\n<\/div>\n\n\n\n<div class=\"wp-block-uagb-container uagb-block-825f57dd\">\n<div class=\"wp-block-uagb-image aligncenter uagb-block-7ba8f405 wp-block-uagb-image--layout-default wp-block-uagb-image--effect-static wp-block-uagb-image--align-center\"><figure class=\"wp-block-uagb-image__figure\"><a class=\"\" href=\"https:\/\/www.instagram.com\/yoparticiposalta\/\" target=\"\" rel=\"noopener\"><img decoding=\"async\" srcset=\"https:\/\/yoparticipo.com.ar\/web\/wp-content\/uploads\/2024\/02\/btn-instagram.jpg ,https:\/\/yoparticipo.com.ar\/web\/wp-content\/uploads\/2024\/02\/btn-instagram.jpg 780w, https:\/\/yoparticipo.com.ar\/web\/wp-content\/uploads\/2024\/02\/btn-instagram.jpg 360w\" sizes=\"auto, (max-width: 480px) 150px\" src=\"https:\/\/yoparticipo.com.ar\/web\/wp-content\/uploads\/2024\/02\/btn-instagram.jpg\" alt=\"\" class=\"uag-image-78\" width=\"314\" height=\"57\" title=\"\" loading=\"lazy\"\/><\/a><\/figure><\/div>\n<\/div>\n\n\n\n<div class=\"wp-block-uagb-container uagb-block-78de4ed4\">\n<div class=\"wp-block-uagb-image aligncenter uagb-block-089fdbc4 wp-block-uagb-image--layout-default wp-block-uagb-image--effect-static wp-block-uagb-image--align-center\"><figure class=\"wp-block-uagb-image__figure\"><a class=\"\" href=\"https:\/\/twitter.com\/yoparticipo_ok\" target=\"\" rel=\"noopener\"><img decoding=\"async\" srcset=\"https:\/\/yoparticipo.com.ar\/web\/wp-content\/uploads\/2024\/02\/btn-twitter.jpg ,https:\/\/yoparticipo.com.ar\/web\/wp-content\/uploads\/2024\/02\/btn-twitter.jpg 780w, https:\/\/yoparticipo.com.ar\/web\/wp-content\/uploads\/2024\/02\/btn-twitter.jpg 360w\" sizes=\"auto, (max-width: 480px) 150px\" src=\"https:\/\/yoparticipo.com.ar\/web\/wp-content\/uploads\/2024\/02\/btn-twitter.jpg\" alt=\"\" class=\"uag-image-79\" width=\"281\" height=\"56\" title=\"\" loading=\"lazy\"\/><\/a><\/figure><\/div>\n<\/div>\n<\/div><\/div>\n\n\n\n<div class=\"wp-block-cover alignfull is-light\"><span aria-hidden=\"true\" class=\"wp-block-cover__background has-luminous-vivid-amber-background-color has-background-dim-100 has-background-dim\"><\/span><div class=\"wp-block-cover__inner-container is-layout-constrained wp-block-cover-is-layout-constrained\">\n<p class=\"has-text-align-center has-large-font-size\"><strong>Ultimas noticias &#8230;<\/strong><\/p>\n\n\n\n\t\t\t<div class=\"wp-block-uagb-post-grid uagb-post-grid  uagb-post__image-position-top uagb-post__image-enabled uagb-block-462aa7cc     uagb-post__items uagb-post__columns-3 is-grid uagb-post__columns-tablet-2 uagb-post__columns-mobile-1 uagb-post__equal-height\" data-total=\"2\" style=\"\">\n\n\t\t\t\t\t\t\t\t\t\t\t\t<article class=\"uagb-post__inner-wrap\">\t\t\t\t\t\t\t\t<h4 class=\"uagb-post__title uagb-post__text\">\n\t\t\t\t<a href=\"https:\/\/yoparticipo.com.ar\/web\/comision-de-discapacidad-09-03-2026\/\" target=\"_self\" rel=\"bookmark noopener noreferrer\">Comisi\u00f3n de Discapacidad (09-03-2026)<\/a>\n\t\t\t<\/h4>\n\t\t\t\t\t\t<div class='uagb-post__text uagb-post-grid-byline'>\n\t\t\t\t\t\t\t<\/div>\n\t\t\t\t\t\t\t<div class='uagb-post__text uagb-post__excerpt'>\n\t\t\t\t\t<p>Esta ma\u00f1ana se llev\u00f3 a cabo una nueva reuni\u00f3n de la Comisi\u00f3n de Discapacidad del&#8230;\t\t\t\t<\/div>\n\t\t\t\t\t\t<div class=\"uagb-post__text uagb-post__cta wp-block-button\">\n\t\t\t\t<a class=\"wp-block-button__link uagb-text-link\" style=\"\" href=\"https:\/\/yoparticipo.com.ar\/web\/comision-de-discapacidad-09-03-2026\/\" target=\"_self\" rel=\"bookmark noopener noreferrer\">Leer m\u00e1s<\/a>\n\t\t\t<\/div>\n\t\t\t\n\t\t\t\t\t\t\t\t\t<\/article>\n\t\t\t\t\t\t\t\t\t\t\t\t\t\t\t\t<article class=\"uagb-post__inner-wrap\">\t\t\t\t\t\t\t\t<h4 class=\"uagb-post__title uagb-post__text\">\n\t\t\t\t<a href=\"https:\/\/yoparticipo.com.ar\/web\/encuentro-alquimia-mujeres-que-transforman\/\" target=\"_self\" rel=\"bookmark noopener noreferrer\">Encuentro Alquimia: Mujeres que Transforman!!<\/a>\n\t\t\t<\/h4>\n\t\t\t\t\t\t<div class='uagb-post__text uagb-post-grid-byline'>\n\t\t\t\t\t\t\t<\/div>\n\t\t\t\t\t\t\t<div class='uagb-post__text uagb-post__excerpt'>\n\t\t\t\t\t<p>Este domingo vivimos el D\u00eda de la Mujer en el Mercado Artesanal de la mano&#8230;\t\t\t\t<\/div>\n\t\t\t\t\t\t<div class=\"uagb-post__text uagb-post__cta wp-block-button\">\n\t\t\t\t<a class=\"wp-block-button__link uagb-text-link\" style=\"\" href=\"https:\/\/yoparticipo.com.ar\/web\/encuentro-alquimia-mujeres-que-transforman\/\" target=\"_self\" rel=\"bookmark noopener noreferrer\">Leer m\u00e1s<\/a>\n\t\t\t<\/div>\n\t\t\t\n\t\t\t\t\t\t\t\t\t<\/article>\n\t\t\t\t\t\t\t\t\t\t\t\t\t\t\t\t<article class=\"uagb-post__inner-wrap\">\t\t\t\t\t\t\t\t<h4 class=\"uagb-post__title uagb-post__text\">\n\t\t\t\t<a href=\"https:\/\/yoparticipo.com.ar\/web\/jueves-de-comisiones\/\" target=\"_self\" rel=\"bookmark noopener noreferrer\">Jueves de Comisiones<\/a>\n\t\t\t<\/h4>\n\t\t\t\t\t\t<div class='uagb-post__text uagb-post-grid-byline'>\n\t\t\t\t\t\t\t<\/div>\n\t\t\t\t\t\t\t<div class='uagb-post__text uagb-post__excerpt'>\n\t\t\t\t\t<p>Jueves de comisiones en el Concejo. As\u00ed comenz\u00f3 el periodo legislativo. Proyectos, an\u00e1lisis, puntos de&#8230;\t\t\t\t<\/div>\n\t\t\t\t\t\t<div class=\"uagb-post__text uagb-post__cta wp-block-button\">\n\t\t\t\t<a class=\"wp-block-button__link uagb-text-link\" style=\"\" href=\"https:\/\/yoparticipo.com.ar\/web\/jueves-de-comisiones\/\" target=\"_self\" rel=\"bookmark noopener noreferrer\">Leer m\u00e1s<\/a>\n\t\t\t<\/div>\n\t\t\t\n\t\t\t\t\t\t\t\t\t<\/article>\n\t\t\t\t\t\t\t\t\t\t\t\t\t\t\t\t<article class=\"uagb-post__inner-wrap\">\t\t\t\t\t\t\t\t<h4 class=\"uagb-post__title uagb-post__text\">\n\t\t\t\t<a href=\"https:\/\/yoparticipo.com.ar\/web\/apertura-del-ano-legislativo-2026\/\" target=\"_self\" rel=\"bookmark noopener noreferrer\">Apertura del A\u00f1o Legislativo 2026<\/a>\n\t\t\t<\/h4>\n\t\t\t\t\t\t<div class='uagb-post__text uagb-post-grid-byline'>\n\t\t\t\t\t\t\t<\/div>\n\t\t\t\t\t\t\t<div class='uagb-post__text uagb-post__excerpt'>\n\t\t\t\t\t<p>Primera Sesi\u00f3n Ordinaria 2026 Discurso del Intendente&nbsp;@jmedurand Desaf\u00edos y trabajo desde&nbsp;@yoparticiposalta&nbsp;en el&nbsp;@concejosalta #YoParticipoSalta&#x1f9e1; Ver esta&#8230;\t\t\t\t<\/div>\n\t\t\t\t\t\t<div class=\"uagb-post__text uagb-post__cta wp-block-button\">\n\t\t\t\t<a class=\"wp-block-button__link uagb-text-link\" style=\"\" href=\"https:\/\/yoparticipo.com.ar\/web\/apertura-del-ano-legislativo-2026\/\" target=\"_self\" rel=\"bookmark noopener noreferrer\">Leer m\u00e1s<\/a>\n\t\t\t<\/div>\n\t\t\t\n\t\t\t\t\t\t\t\t\t<\/article>\n\t\t\t\t\t\t\t\t\t\t\t\t\t\t\t\t<article class=\"uagb-post__inner-wrap\">\t\t\t\t\t\t\t\t<div class='uagb-post__image'>\n\t\t\t\t\t\t\t\t\t<a href=\"https:\/\/yoparticipo.com.ar\/web\/trabajando-en-villa-floresta\/\" target=\"_self\" rel=\"bookmark noopener noreferrer\" class='uagb-image-ratio-inherit'><img loading=\"lazy\" decoding=\"async\" width=\"1024\" height=\"1024\" src=\"https:\/\/yoparticipo.com.ar\/web\/wp-content\/uploads\/2024\/02\/417446419_784181670393981_7493979923290017914_n-1024x1024.jpg\" class=\"attachment-large size-large\" alt=\"\" srcset=\"https:\/\/yoparticipo.com.ar\/web\/wp-content\/uploads\/2024\/02\/417446419_784181670393981_7493979923290017914_n-1024x1024.jpg 1024w, https:\/\/yoparticipo.com.ar\/web\/wp-content\/uploads\/2024\/02\/417446419_784181670393981_7493979923290017914_n-300x300.jpg 300w, https:\/\/yoparticipo.com.ar\/web\/wp-content\/uploads\/2024\/02\/417446419_784181670393981_7493979923290017914_n-150x150.jpg 150w, https:\/\/yoparticipo.com.ar\/web\/wp-content\/uploads\/2024\/02\/417446419_784181670393981_7493979923290017914_n-768x768.jpg 768w, https:\/\/yoparticipo.com.ar\/web\/wp-content\/uploads\/2024\/02\/417446419_784181670393981_7493979923290017914_n-1536x1536.jpg 1536w, https:\/\/yoparticipo.com.ar\/web\/wp-content\/uploads\/2024\/02\/417446419_784181670393981_7493979923290017914_n.jpg 1564w\" sizes=\"auto, (max-width: 1024px) 100vw, 1024px\" \/>\t\t\t\t\t<\/a>\n\t\t\t\t\t\t\t<\/div>\n\t\t\t\t\t\t<h4 class=\"uagb-post__title uagb-post__text\">\n\t\t\t\t<a href=\"https:\/\/yoparticipo.com.ar\/web\/trabajando-en-villa-floresta\/\" target=\"_self\" rel=\"bookmark noopener noreferrer\">Trabajando en Villa Floresta<\/a>\n\t\t\t<\/h4>\n\t\t\t\t\t\t<div class='uagb-post__text uagb-post-grid-byline'>\n\t\t\t\t\t\t\t<\/div>\n\t\t\t\t\t\t\t<div class='uagb-post__text uagb-post__excerpt'>\n\t\t\t\t\t<p>LOS CAMINOS NOS UNEN DONDE TENEMOS QUE ESTAR!!! Que la vida siempre nos encuentre as\u00ed&#8230;\t\t\t\t<\/div>\n\t\t\t\t\t\t<div class=\"uagb-post__text uagb-post__cta wp-block-button\">\n\t\t\t\t<a class=\"wp-block-button__link uagb-text-link\" style=\"\" href=\"https:\/\/yoparticipo.com.ar\/web\/trabajando-en-villa-floresta\/\" target=\"_self\" rel=\"bookmark noopener noreferrer\">Leer m\u00e1s<\/a>\n\t\t\t<\/div>\n\t\t\t\n\t\t\t\t\t\t\t\t\t<\/article>\n\t\t\t\t\t\t\t\t\t\t\t\t\t\t\t\t<article class=\"uagb-post__inner-wrap\">\t\t\t\t\t\t\t\t<div class='uagb-post__image'>\n\t\t\t\t\t\t\t\t\t<a href=\"https:\/\/yoparticipo.com.ar\/web\/vivero-abierto\/\" target=\"_self\" rel=\"bookmark noopener noreferrer\" class='uagb-image-ratio-inherit'><img loading=\"lazy\" decoding=\"async\" width=\"1024\" height=\"765\" src=\"https:\/\/yoparticipo.com.ar\/web\/wp-content\/uploads\/2024\/02\/vivero03-1024x765.png\" class=\"attachment-large size-large\" alt=\"\" srcset=\"https:\/\/yoparticipo.com.ar\/web\/wp-content\/uploads\/2024\/02\/vivero03-1024x765.png 1024w, https:\/\/yoparticipo.com.ar\/web\/wp-content\/uploads\/2024\/02\/vivero03-300x224.png 300w, https:\/\/yoparticipo.com.ar\/web\/wp-content\/uploads\/2024\/02\/vivero03-768x574.png 768w, https:\/\/yoparticipo.com.ar\/web\/wp-content\/uploads\/2024\/02\/vivero03.png 1204w\" sizes=\"auto, (max-width: 1024px) 100vw, 1024px\" \/>\t\t\t\t\t<\/a>\n\t\t\t\t\t\t\t<\/div>\n\t\t\t\t\t\t<h4 class=\"uagb-post__title uagb-post__text\">\n\t\t\t\t<a href=\"https:\/\/yoparticipo.com.ar\/web\/vivero-abierto\/\" target=\"_self\" rel=\"bookmark noopener noreferrer\">Vivero Abierto<\/a>\n\t\t\t<\/h4>\n\t\t\t\t\t\t<div class='uagb-post__text uagb-post-grid-byline'>\n\t\t\t\t\t\t\t<\/div>\n\t\t\t\t\t\t\t<div class='uagb-post__text uagb-post__excerpt'>\n\t\t\t\t\t<p>Hoy conocimos a Federico Araya. \u00c9l es el creador de un vivero incre\u00edble que le&#8230;\t\t\t\t<\/div>\n\t\t\t\t\t\t<div class=\"uagb-post__text uagb-post__cta wp-block-button\">\n\t\t\t\t<a class=\"wp-block-button__link uagb-text-link\" style=\"\" href=\"https:\/\/yoparticipo.com.ar\/web\/vivero-abierto\/\" target=\"_self\" rel=\"bookmark noopener noreferrer\">Leer m\u00e1s<\/a>\n\t\t\t<\/div>\n\t\t\t\n\t\t\t\t\t\t\t\t\t<\/article>\n\t\t\t\t\t\t\t\t\t\t\t<\/div>\n\t\t\t<\/div><\/div>\n","protected":false},"excerpt":{"rendered":"<p>Visita Nuestro Instagram<\/p>\n","protected":false},"author":2,"featured_media":0,"parent":0,"menu_order":0,"comment_status":"closed","ping_status":"closed","template":"","meta":{"_uag_custom_page_level_css":"","site-sidebar-layout":"default","site-content-layout":"","ast-site-content-layout":"default","site-content-style":"default","site-sidebar-style":"default","ast-global-header-display":"","ast-banner-title-visibility":"","ast-main-header-display":"","ast-hfb-above-header-display":"","ast-hfb-below-header-display":"","ast-hfb-mobile-header-display":"","site-post-title":"disabled","ast-breadcrumbs-content":"","ast-featured-img":"","footer-sml-layout":"","theme-transparent-header-meta":"","adv-header-id-meta":"","stick-header-meta":"","header-above-stick-meta":"","header-main-stick-meta":"","header-below-stick-meta":"","astra-migrate-meta-layouts":"default","ast-page-background-enabled":"default","ast-page-background-meta":{"desktop":{"background-color":"var(--ast-global-color-4)","background-image":"","background-repeat":"repeat","background-position":"center center","background-size":"auto","background-attachment":"scroll","background-type":"","background-media":"","overlay-type":"","overlay-color":"","overlay-opacity":"","overlay-gradient":""},"tablet":{"background-color":"","background-image":"","background-repeat":"repeat","background-position":"center center","background-size":"auto","background-attachment":"scroll","background-type":"","background-media":"","overlay-type":"","overlay-color":"","overlay-opacity":"","overlay-gradient":""},"mobile":{"background-color":"","background-image":"","background-repeat":"repeat","background-position":"center center","background-size":"auto","background-attachment":"scroll","background-type":"","background-media":"","overlay-type":"","overlay-color":"","overlay-opacity":"","overlay-gradient":""}},"ast-content-background-meta":{"desktop":{"background-color":"var(--ast-global-color-5)","background-image":"","background-repeat":"repeat","background-position":"center center","background-size":"auto","background-attachment":"scroll","background-type":"","background-media":"","overlay-type":"","overlay-color":"","overlay-opacity":"","overlay-gradient":""},"tablet":{"background-color":"var(--ast-global-color-5)","background-image":"","background-repeat":"repeat","background-position":"center center","background-size":"auto","background-attachment":"scroll","background-type":"","background-media":"","overlay-type":"","overlay-color":"","overlay-opacity":"","overlay-gradient":""},"mobile":{"background-color":"var(--ast-global-color-5)","background-image":"","background-repeat":"repeat","background-position":"center center","background-size":"auto","background-attachment":"scroll","background-type":"","background-media":"","overlay-type":"","overlay-color":"","overlay-opacity":"","overlay-gradient":""}},"footnotes":""},"class_list":["post-16","page","type-page","status-publish","hentry"],"uagb_featured_image_src":{"full":false,"thumbnail":false,"medium":false,"medium_large":false,"large":false,"1536x1536":false,"2048x2048":false},"uagb_author_info":{"display_name":"yoparticipo1","author_link":"https:\/\/yoparticipo.com.ar\/web\/author\/c1580952\/"},"uagb_comment_info":0,"uagb_excerpt":"Visita Nuestro Instagram","_links":{"self":[{"href":"https:\/\/yoparticipo.com.ar\/web\/wp-json\/wp\/v2\/pages\/16","targetHints":{"allow":["GET"]}}],"collection":[{"href":"https:\/\/yoparticipo.com.ar\/web\/wp-json\/wp\/v2\/pages"}],"about":[{"href":"https:\/\/yoparticipo.com.ar\/web\/wp-json\/wp\/v2\/types\/page"}],"author":[{"embeddable":true,"href":"https:\/\/yoparticipo.com.ar\/web\/wp-json\/wp\/v2\/users\/2"}],"replies":[{"embeddable":true,"href":"https:\/\/yoparticipo.com.ar\/web\/wp-json\/wp\/v2\/comments?post=16"}],"version-history":[{"count":27,"href":"https:\/\/yoparticipo.com.ar\/web\/wp-json\/wp\/v2\/pages\/16\/revisions"}],"predecessor-version":[{"id":162,"href":"https:\/\/yoparticipo.com.ar\/web\/wp-json\/wp\/v2\/pages\/16\/revisions\/162"}],"wp:attachment":[{"href":"https:\/\/yoparticipo.com.ar\/web\/wp-json\/wp\/v2\/media?parent=16"}],"curies":[{"name":"wp","href":"https:\/\/api.w.org\/{rel}","templated":true}]}}